{"id":23,"date":"2023-07-05T15:21:26","date_gmt":"2023-07-05T15:21:26","guid":{"rendered":"https:\/\/elenagarciaperez.com\/es\/?page_id=23"},"modified":"2023-11-02T18:20:59","modified_gmt":"2023-11-02T18:20:59","slug":"sanacion-energetica-axiotonal","status":"publish","type":"page","link":"https:\/\/elenagarciaperez.com\/es\/sanacion-energetica-axiotonal\/","title":{"rendered":"Sanaci\u00f3n Energ\u00e9tica Axiotonal"},"content":{"rendered":"\t\t<div data-elementor-type=\"wp-page\" data-elementor-id=\"23\" class=\"elementor elementor-23\" data-elementor-post-type=\"page\">\n\t\t\t\t\t\t<section class=\"elementor-section elementor-top-section elementor-element elementor-element-67a38c5 elementor-section-full_width elementor-section-stretched elementor-section-height-default elementor-section-height-default\" data-id=\"67a38c5\" data-element_type=\"section\" data-settings=\"{&quot;stretch_section&quot;:&quot;section-stretched&quot;}\">\n\t\t\t\t\t\t<div class=\"elementor-container elementor-column-gap-no\">\n\t\t\t\t\t<div class=\"elementor-column elementor-col-100 elementor-top-column elementor-element elementor-element-8e64c9e\" data-id=\"8e64c9e\" data-element_type=\"column\">\n\t\t\t<div class=\"elementor-widget-wrap elementor-element-populated\">\n\t\t\t\t\t\t<div class=\"elementor-element elementor-element-840e01d elementor-widget elementor-widget-image\" data-id=\"840e01d\" data-element_type=\"widget\" data-widget_type=\"image.default\">\n\t\t\t\t<div class=\"elementor-widget-container\">\n\t\t\t\t\t\t\t\t\t\t\t\t\t\t\t<img fetchpriority=\"high\" decoding=\"async\" width=\"800\" height=\"252\" src=\"https:\/\/elenagarciaperez.com\/es\/wp-content\/uploads\/2023\/07\/esta-sanacion-energetica-axiatonal-1024x323.jpeg\" class=\"attachment-large size-large wp-image-684\" alt=\"\" srcset=\"https:\/\/elenagarciaperez.com\/es\/wp-content\/uploads\/2023\/07\/esta-sanacion-energetica-axiatonal-1024x323.jpeg 1024w, https:\/\/elenagarciaperez.com\/es\/wp-content\/uploads\/2023\/07\/esta-sanacion-energetica-axiatonal-300x95.jpeg 300w, https:\/\/elenagarciaperez.com\/es\/wp-content\/uploads\/2023\/07\/esta-sanacion-energetica-axiatonal-768x243.jpeg 768w, https:\/\/elenagarciaperez.com\/es\/wp-content\/uploads\/2023\/07\/esta-sanacion-energetica-axiatonal-1536x485.jpeg 1536w, https:\/\/elenagarciaperez.com\/es\/wp-content\/uploads\/2023\/07\/esta-sanacion-energetica-axiatonal-2048x647.jpeg 2048w\" sizes=\"(max-width: 800px) 100vw, 800px\" \/>\t\t\t\t\t\t\t\t\t\t\t\t\t\t\t<\/div>\n\t\t\t\t<\/div>\n\t\t\t\t\t<\/div>\n\t\t<\/div>\n\t\t\t\t\t<\/div>\n\t\t<\/section>\n\t\t\t\t<section class=\"elementor-section elementor-top-section elementor-element elementor-element-2d94237 elementor-section-boxed elementor-section-height-default elementor-section-height-default\" data-id=\"2d94237\" data-element_type=\"section\">\n\t\t\t\t\t\t<div class=\"elementor-container elementor-column-gap-default\">\n\t\t\t\t\t<div class=\"elementor-column elementor-col-100 elementor-top-column elementor-element elementor-element-c9ba1d0\" data-id=\"c9ba1d0\" data-element_type=\"column\">\n\t\t\t<div class=\"elementor-widget-wrap elementor-element-populated\">\n\t\t\t\t\t\t<div class=\"elementor-element elementor-element-1a02a1c elementor-widget elementor-widget-text-editor\" data-id=\"1a02a1c\" data-element_type=\"widget\" data-widget_type=\"text-editor.default\">\n\t\t\t\t<div class=\"elementor-widget-container\">\n\t\t\t\t\t\t\t\t\t<p class=\"Standard\" style=\"text-align: left;\"><strong><span style=\"font-size: 14.0pt;\">Elena Garc\u00eda P\u00e9rez<\/span><\/strong><\/p><p class=\"Standard\" style=\"text-align: left;\"><strong><span style=\"font-size: 14.0pt;\">Donde Ciencia y Espiritualidad Convergen.<\/span><\/strong><\/p>\t\t\t\t\t\t\t\t<\/div>\n\t\t\t\t<\/div>\n\t\t\t\t\t<\/div>\n\t\t<\/div>\n\t\t\t\t\t<\/div>\n\t\t<\/section>\n\t\t\t\t<section class=\"elementor-section elementor-top-section elementor-element elementor-element-7113204 elementor-section-boxed elementor-section-height-default elementor-section-height-default\" data-id=\"7113204\" data-element_type=\"section\">\n\t\t\t\t\t\t<div class=\"elementor-container elementor-column-gap-default\">\n\t\t\t\t\t<div class=\"elementor-column elementor-col-100 elementor-top-column elementor-element elementor-element-89c99c0\" data-id=\"89c99c0\" data-element_type=\"column\">\n\t\t\t<div class=\"elementor-widget-wrap elementor-element-populated\">\n\t\t\t\t\t\t<div class=\"elementor-element elementor-element-2fd5b27 elementor-widget elementor-widget-text-editor\" data-id=\"2fd5b27\" data-element_type=\"widget\" data-widget_type=\"text-editor.default\">\n\t\t\t\t<div class=\"elementor-widget-container\">\n\t\t\t\t\t\t\t\t\t<p>Mi nombre es Elena y estoy aqu\u00ed para acompa\u00f1arte en tu proceso de Sanaci\u00f3n y Crecimiento . Yo tengo una personalidad llamada P.A.S. (Personalidad Altamente Sensible) y tengo todos los rasgos de los llamados Emp\u00e1ticos, ambas las considero dones para hacer mi trabajo de forma m\u00e1s eficaz.<\/p><p>Mi forma de trabajar obedece a las Leyes de la Ciencia, de la Naturaleza,\u00a0 del Cosmos y de esa voz\u00a0 interior \u201c Iluminaci\u00f3n Divina\u201d, la llamo yo o\u00a0 energ\u00eda directa del punto cero, y tras\u00a0 experimentar en mi misma , despu\u00e9s de una convalecencia de siete meses, llegu\u00e9 a unos resultados que deseo transmitir.<\/p>\t\t\t\t\t\t\t\t<\/div>\n\t\t\t\t<\/div>\n\t\t\t\t\t<\/div>\n\t\t<\/div>\n\t\t\t\t\t<\/div>\n\t\t<\/section>\n\t\t\t\t<section class=\"elementor-section elementor-top-section elementor-element elementor-element-9ba7e80 elementor-section-boxed elementor-section-height-default elementor-section-height-default\" data-id=\"9ba7e80\" data-element_type=\"section\">\n\t\t\t\t\t\t<div class=\"elementor-container elementor-column-gap-default\">\n\t\t\t\t\t<div class=\"elementor-column elementor-col-100 elementor-top-column elementor-element elementor-element-77181c0\" data-id=\"77181c0\" data-element_type=\"column\">\n\t\t\t<div class=\"elementor-widget-wrap elementor-element-populated\">\n\t\t\t\t\t\t<div class=\"elementor-element elementor-element-5aff57b elementor-widget elementor-widget-text-editor\" data-id=\"5aff57b\" data-element_type=\"widget\" data-widget_type=\"text-editor.default\">\n\t\t\t\t<div class=\"elementor-widget-container\">\n\t\t\t\t\t\t\t\t\t<p class=\"Standard\" style=\"text-align: justify;\">Lo primero que te quiero decir es que todo el cuerpo est\u00e1 intercomunicado a trav\u00e9s de la luz. Seg\u00fan el Doctor Fritz Albert Popp dice que el ADN de cada una de nuestras c\u00e9lulas emite luz de un determinado nivel y utiliza frecuencias variables como herramienta de informaci\u00f3n, lo que sugiere que el sistema de bio-retroalimentaci\u00f3n del cuerpo dependa de las ondas de luz.<\/p><p class=\"Standard\" style=\"text-align: justify;\">Cuando estamos enfermos, las ondas de luz que comunica nuestras c\u00e9lulas, est\u00e1n desfasadas. De ah\u00ed que nuestras salud empeore a medida que baja la intensidad de la luz y mejora cuando aumenta.<\/p><p class=\"Standard\" style=\"text-align: justify;\">Es a trav\u00e9s de la nueva luz cuando se produce una sanaci\u00f3n que se manifiesta desde adentro, desde el mismo n\u00facleo de cada una de las c\u00e9lulas. Borrando as\u00ed el desarreglo electromagn\u00e9tico.<\/p>\t\t\t\t\t\t\t\t<\/div>\n\t\t\t\t<\/div>\n\t\t\t\t\t<\/div>\n\t\t<\/div>\n\t\t\t\t\t<\/div>\n\t\t<\/section>\n\t\t\t\t<section class=\"elementor-section elementor-top-section elementor-element elementor-element-ba4305c elementor-section-boxed elementor-section-height-default elementor-section-height-default\" data-id=\"ba4305c\" data-element_type=\"section\">\n\t\t\t\t\t\t<div class=\"elementor-container elementor-column-gap-default\">\n\t\t\t\t\t<div class=\"elementor-column elementor-col-100 elementor-top-column elementor-element elementor-element-c4465c5\" data-id=\"c4465c5\" data-element_type=\"column\">\n\t\t\t<div class=\"elementor-widget-wrap elementor-element-populated\">\n\t\t\t\t\t\t<div class=\"elementor-element elementor-element-c47222f elementor-widget elementor-widget-text-editor\" data-id=\"c47222f\" data-element_type=\"widget\" data-widget_type=\"text-editor.default\">\n\t\t\t\t<div class=\"elementor-widget-container\">\n\t\t\t\t\t\t\t\t\t<p>Exacto, est\u00e1s frecuencias de luz entraban y recorr\u00edan todo mi organismo, sin ninguna imposici\u00f3n de manos. Pero not\u00e9 que las frecuencias de luz eran superiores cuando activaba determinados puntos de activaci\u00f3n en mi cuerpo y lineas axiatonales, canales\u00a0 y meridianos\u00a0 basados en la astropuntura energ\u00e9tica ( Chakra Unificado). Vi realmente como mi cuerpo actuaba como un todo y ese todo estaba conectado entre si, entonces me di cuenta de como el mundo de la f\u00edsica cu\u00e1ntica act\u00faa; lo que pensaba que estaba arriba a la izquierda podr\u00eda ser que lo sintiera abajo a la derecha. Fue entonces cuando percib\u00ed claramente que las agujas de la acupuntura deb\u00edan de ser sustituidas por mis propias manos como medio\/canal recorriendo mi cuerpo a trav\u00e9s de puntos claves y estrat\u00e9gicos de acupuntura, algunas veces cuando recorr\u00eda los puntos de activaci\u00f3n , sent\u00eda una voz interior o simplemente mi mano que se paraba, comprend\u00ed entonces que ah\u00ed deb\u00eda de tocar o bien parar y dar m\u00e1s intensidad.<\/p><p>Las c\u00e9lulas comienzan a oscilar en un ritmo m\u00e1s elevado, restableci\u00e9ndose la comunicaci\u00f3n consigo misma a trav\u00e9s de un intercambio de luz adecuado para su renovaci\u00f3n, rejuvenecimiento y regeneraci\u00f3n.<\/p>\t\t\t\t\t\t\t\t<\/div>\n\t\t\t\t<\/div>\n\t\t\t\t<div class=\"elementor-element elementor-element-f4fca7c elementor-widget elementor-widget-text-editor\" data-id=\"f4fca7c\" data-element_type=\"widget\" data-widget_type=\"text-editor.default\">\n\t\t\t\t<div class=\"elementor-widget-container\">\n\t\t\t\t\t\t\t\t\t<p class=\"Standard\" style=\"text-align: justify;\">El cuerpo se cura a si mismo al ser estimulado a nivel celular por una \u201c descarga\u201d producida por las frecuencias lum\u00ednicas que llegan a la propia persona y se comunica con el cuerpo o parte enferma del participante a trav\u00e9s del entramado de meridianos asociados a la biolog\u00eda. De esta manera el organismo es devuelto al orden y a la armon\u00eda.<\/p>\t\t\t\t\t\t\t\t<\/div>\n\t\t\t\t<\/div>\n\t\t\t\t\t<\/div>\n\t\t<\/div>\n\t\t\t\t\t<\/div>\n\t\t<\/section>\n\t\t\t\t<section class=\"elementor-section elementor-top-section elementor-element elementor-element-e96c12b elementor-section-boxed elementor-section-height-default elementor-section-height-default\" data-id=\"e96c12b\" data-element_type=\"section\">\n\t\t\t\t\t\t<div class=\"elementor-container elementor-column-gap-default\">\n\t\t\t\t\t<div class=\"elementor-column elementor-col-100 elementor-top-column elementor-element elementor-element-6edbb38\" data-id=\"6edbb38\" data-element_type=\"column\">\n\t\t\t<div class=\"elementor-widget-wrap elementor-element-populated\">\n\t\t\t\t\t\t<div class=\"elementor-element elementor-element-9c4abcf elementor-widget elementor-widget-image\" data-id=\"9c4abcf\" data-element_type=\"widget\" data-widget_type=\"image.default\">\n\t\t\t\t<div class=\"elementor-widget-container\">\n\t\t\t\t\t\t\t\t\t\t\t\t\t\t\t<img decoding=\"async\" width=\"600\" height=\"400\" src=\"https:\/\/elenagarciaperez.com\/es\/wp-content\/uploads\/2023\/07\/sanar2.png\" class=\"attachment-large size-large wp-image-434\" alt=\"\" srcset=\"https:\/\/elenagarciaperez.com\/es\/wp-content\/uploads\/2023\/07\/sanar2.png 600w, https:\/\/elenagarciaperez.com\/es\/wp-content\/uploads\/2023\/07\/sanar2-300x200.png 300w\" sizes=\"(max-width: 600px) 100vw, 600px\" \/>\t\t\t\t\t\t\t\t\t\t\t\t\t\t\t<\/div>\n\t\t\t\t<\/div>\n\t\t\t\t\t<\/div>\n\t\t<\/div>\n\t\t\t\t\t<\/div>\n\t\t<\/section>\n\t\t\t\t<section class=\"elementor-section elementor-top-section elementor-element elementor-element-c625db6 elementor-section-boxed elementor-section-height-default elementor-section-height-default\" data-id=\"c625db6\" data-element_type=\"section\">\n\t\t\t\t\t\t<div class=\"elementor-container elementor-column-gap-default\">\n\t\t\t\t\t<div class=\"elementor-column elementor-col-100 elementor-top-column elementor-element elementor-element-7dd8eda\" data-id=\"7dd8eda\" data-element_type=\"column\">\n\t\t\t<div class=\"elementor-widget-wrap elementor-element-populated\">\n\t\t\t\t\t\t<div class=\"elementor-element elementor-element-a9cd862 elementor-widget elementor-widget-spacer\" data-id=\"a9cd862\" data-element_type=\"widget\" data-widget_type=\"spacer.default\">\n\t\t\t\t<div class=\"elementor-widget-container\">\n\t\t\t\t\t\t\t<div class=\"elementor-spacer\">\n\t\t\t<div class=\"elementor-spacer-inner\"><\/div>\n\t\t<\/div>\n\t\t\t\t\t\t<\/div>\n\t\t\t\t<\/div>\n\t\t\t\t\t<\/div>\n\t\t<\/div>\n\t\t\t\t\t<\/div>\n\t\t<\/section>\n\t\t\t\t<section class=\"elementor-section elementor-top-section elementor-element elementor-element-96ea0ca elementor-section-boxed elementor-section-height-default elementor-section-height-default\" data-id=\"96ea0ca\" data-element_type=\"section\">\n\t\t\t\t\t\t<div class=\"elementor-container elementor-column-gap-default\">\n\t\t\t\t\t<div class=\"elementor-column elementor-col-100 elementor-top-column elementor-element elementor-element-3d3b315\" data-id=\"3d3b315\" data-element_type=\"column\">\n\t\t\t<div class=\"elementor-widget-wrap elementor-element-populated\">\n\t\t\t\t\t\t<div class=\"elementor-element elementor-element-c11f3f3 elementor-widget elementor-widget-text-editor\" data-id=\"c11f3f3\" data-element_type=\"widget\" data-widget_type=\"text-editor.default\">\n\t\t\t\t<div class=\"elementor-widget-container\">\n\t\t\t\t\t\t\t\t\t<p>Tengo la facultad de ser medium desde mi tierna infancia. Las manos siempre tuvieron un protagonismo muy importante dentro mi, el inconsciente me hablaba, pero no entienda lo que me quer\u00eda decir. Llego su momento y hoy siento, los puntos de giros que salen de mis dedos y de mi palma de la mano que emiten\u00a0 frecuencias de Luz y de Sonido. Los ruidos en los o\u00eddos comenzaron a mis 42 a\u00f1os, no eran ruidos de ac\u00fafenos (no sab\u00eda que eran, me dieron miedo y desaparecieron), posteriormente a mis 50 a\u00f1os, si llegaron los ruidos de ac\u00fafenos, pero eran muy diferentes a los otros anteriores. Estos sonidos intermitentes, llegaron a mi haciendo un curso de sanaci\u00f3n reconectiva, \u201c <em>\u00a1 ahora s\u00ed, ahora ya estaba lista! \u201c<\/em>,y no se fueron . Fue en esos precisos momentos cuando me di cuenta que eran los mismos que hab\u00eda o\u00eddo a mis 42, cuando hac\u00eda meditaci\u00f3n y me pon\u00eda enfrente de una vela. Los sonidos proced\u00edan al captar\u00a0 las energ\u00edas, por lo que\u00a0 todo ello me ha permitido observar muy de cerca todo un proceso de sanaci\u00f3n energ\u00e9tica axiatonal. En momentos claves de la sesi\u00f3n siento una voz interna que me dice\u00a0 \u201c Pon ahora tus manos\u201d a esta voz la llamo \u201cVerbo Divino \u201c, que viene directamente de la Fuente; pertenecer\u00e1 tambi\u00e9n a mi sensibilidad de vidente, la cual tambi\u00e9n poseo; puede ser.\u00a0<\/p>\t\t\t\t\t\t\t\t<\/div>\n\t\t\t\t<\/div>\n\t\t\t\t\t<\/div>\n\t\t<\/div>\n\t\t\t\t\t<\/div>\n\t\t<\/section>\n\t\t\t\t<section class=\"elementor-section elementor-top-section elementor-element elementor-element-b4f776b elementor-section-boxed elementor-section-height-default elementor-section-height-default\" data-id=\"b4f776b\" data-element_type=\"section\">\n\t\t\t\t\t\t<div class=\"elementor-container elementor-column-gap-default\">\n\t\t\t\t\t<div class=\"elementor-column elementor-col-100 elementor-top-column elementor-element elementor-element-b2e00bd\" data-id=\"b2e00bd\" data-element_type=\"column\">\n\t\t\t<div class=\"elementor-widget-wrap elementor-element-populated\">\n\t\t\t\t\t\t<div class=\"elementor-element elementor-element-4456d6a elementor-widget elementor-widget-text-editor\" data-id=\"4456d6a\" data-element_type=\"widget\" data-widget_type=\"text-editor.default\">\n\t\t\t\t<div class=\"elementor-widget-container\">\n\t\t\t\t\t\t\t\t\t<p class=\"Standard\" style=\"text-align: justify;\">Todo lo indicado me ha llevado <i>a crear mi propia aportaci\u00f3n creando mi m\u00e9todo de trabajo al que denomino bajo el t\u00e9rmino de <b>Sanaci\u00f3n Energ\u00e9tica Axiatonal<\/b><\/i> a\u00f1adiendo \u00e9sta al m\u00e9todo Chakra Unificado y gui\u00e1ndome de mi voz interna, de mis o\u00eddos y mis manos siendo un canal de esta nueva frecuencias de luz e informaci\u00f3n y haciendo hincapi\u00e9 donde se sienta el mal o dolor previamente indicado por el participante. Ya que el real sanador no soy yo, sino es el propio participante, yo soy un mero canal, que transmito un mero ancho de de banda de luz e informaci\u00f3n , de esta forma . El Ser que realmente se es, se reconecta con la Plenitud del Universo en una gama de frecuencias sanadoras.<\/p>\t\t\t\t\t\t\t\t<\/div>\n\t\t\t\t<\/div>\n\t\t\t\t\t<\/div>\n\t\t<\/div>\n\t\t\t\t\t<\/div>\n\t\t<\/section>\n\t\t\t\t<section class=\"elementor-section elementor-top-section elementor-element elementor-element-4272da2 elementor-section-boxed elementor-section-height-default elementor-section-height-default\" data-id=\"4272da2\" data-element_type=\"section\">\n\t\t\t\t\t\t<div class=\"elementor-container elementor-column-gap-default\">\n\t\t\t\t\t<div class=\"elementor-column elementor-col-100 elementor-top-column elementor-element elementor-element-f050782\" data-id=\"f050782\" data-element_type=\"column\">\n\t\t\t<div class=\"elementor-widget-wrap elementor-element-populated\">\n\t\t\t\t\t\t<div class=\"elementor-element elementor-element-c72b451 elementor-widget elementor-widget-text-editor\" data-id=\"c72b451\" data-element_type=\"widget\" data-widget_type=\"text-editor.default\">\n\t\t\t\t<div class=\"elementor-widget-container\">\n\t\t\t\t\t\t\t\t\t<p class=\"Standard\" style=\"text-align: justify;\"><b>Las sesiones son para todas las personas que tengan la necesidad de sanar cualquier aspectos dentro de los niveles: f\u00edsico, mental, emocional y espiritual o simplemente para equilibrar y ordenar su vida.<\/b><\/p>\t\t\t\t\t\t\t\t<\/div>\n\t\t\t\t<\/div>\n\t\t\t\t\t<\/div>\n\t\t<\/div>\n\t\t\t\t\t<\/div>\n\t\t<\/section>\n\t\t\t\t<section class=\"elementor-section elementor-top-section elementor-element elementor-element-e5c29a4 elementor-section-boxed elementor-section-height-default elementor-section-height-default\" data-id=\"e5c29a4\" data-element_type=\"section\">\n\t\t\t\t\t\t<div class=\"elementor-container elementor-column-gap-default\">\n\t\t\t\t\t<div class=\"elementor-column elementor-col-100 elementor-top-column elementor-element elementor-element-eb75758\" data-id=\"eb75758\" data-element_type=\"column\">\n\t\t\t<div class=\"elementor-widget-wrap elementor-element-populated\">\n\t\t\t\t\t\t<div class=\"elementor-element elementor-element-444c80d elementor-widget elementor-widget-text-editor\" data-id=\"444c80d\" data-element_type=\"widget\" data-widget_type=\"text-editor.default\">\n\t\t\t\t<div class=\"elementor-widget-container\">\n\t\t\t\t\t\t\t\t\t<p class=\"Standard\" style=\"text-align: justify;\"><em>La sesi\u00f3n se desarrolla con el participante recostado sobre una camilla, con los ojos cerrados. Durante la sesi\u00f3n no hay contacto f\u00edsico de ning\u00fan tipo ya que \u00e9sta se desarrolla a trav\u00e9s de una interacci\u00f3n puramente energ\u00e9tica entre el facilitador y el participante. <\/em><\/p>\t\t\t\t\t\t\t\t<\/div>\n\t\t\t\t<\/div>\n\t\t\t\t\t<\/div>\n\t\t<\/div>\n\t\t\t\t\t<\/div>\n\t\t<\/section>\n\t\t\t\t<section class=\"elementor-section elementor-top-section elementor-element elementor-element-eebe568 elementor-section-boxed elementor-section-height-default elementor-section-height-default\" data-id=\"eebe568\" data-element_type=\"section\">\n\t\t\t\t\t\t<div class=\"elementor-container elementor-column-gap-default\">\n\t\t\t\t\t<div class=\"elementor-column elementor-col-100 elementor-top-column elementor-element elementor-element-d667748\" data-id=\"d667748\" data-element_type=\"column\">\n\t\t\t<div class=\"elementor-widget-wrap elementor-element-populated\">\n\t\t\t\t\t\t<div class=\"elementor-element elementor-element-8c5a20f elementor-widget elementor-widget-text-editor\" data-id=\"8c5a20f\" data-element_type=\"widget\" data-widget_type=\"text-editor.default\">\n\t\t\t\t<div class=\"elementor-widget-container\">\n\t\t\t\t\t\t\t\t\t<p class=\"Standard\" style=\"text-align: justify;\"><b>Estas sanaciones se pueden realizar tantas veces como quiera<\/b>, bien <b>presencial o a distancia<\/b>. La Energ\u00eda Axiatonal \u00a1 Se hace m\u00e1s intensa con las distancia!. Es algo que no sabemos porqu\u00e9 sucede, pero es as\u00ed: ! En el mundo de la f\u00edsica cu\u00e1ntica, el tiempo transcurre atr\u00e1s y lo de arriba es abajo!. Estas nuevas frecuencias forman parte de un espectro dimensional totalmente nuevo y diferente que traspasa todas las fronteras y est\u00e1ndares conocidos por las leyes de la f\u00edsica.<\/p>\t\t\t\t\t\t\t\t<\/div>\n\t\t\t\t<\/div>\n\t\t\t\t\t<\/div>\n\t\t<\/div>\n\t\t\t\t\t<\/div>\n\t\t<\/section>\n\t\t\t\t<section class=\"elementor-section elementor-top-section elementor-element elementor-element-c9e957d elementor-section-boxed elementor-section-height-default elementor-section-height-default\" data-id=\"c9e957d\" data-element_type=\"section\">\n\t\t\t\t\t\t<div class=\"elementor-container elementor-column-gap-default\">\n\t\t\t\t\t<div class=\"elementor-column elementor-col-100 elementor-top-column elementor-element elementor-element-85f6698\" data-id=\"85f6698\" data-element_type=\"column\">\n\t\t\t<div class=\"elementor-widget-wrap elementor-element-populated\">\n\t\t\t\t\t\t<div class=\"elementor-element elementor-element-e18ff16 elementor-widget elementor-widget-text-editor\" data-id=\"e18ff16\" data-element_type=\"widget\" data-widget_type=\"text-editor.default\">\n\t\t\t\t<div class=\"elementor-widget-container\">\n\t\t\t\t\t\t\t\t\t<p class=\"Standard\" style=\"text-align: justify;\">Las sesi\u00f3n puede durar unos 45 minutos.<\/p>\t\t\t\t\t\t\t\t<\/div>\n\t\t\t\t<\/div>\n\t\t\t\t<div class=\"elementor-element elementor-element-2ee041f elementor-widget elementor-widget-text-editor\" data-id=\"2ee041f\" data-element_type=\"widget\" data-widget_type=\"text-editor.default\">\n\t\t\t\t<div class=\"elementor-widget-container\">\n\t\t\t\t\t\t\t\t\t<p>Soy s\u00f3lo\u00a0 el canal para que el Universo act\u00fae a trav\u00e9s de ti mismo.<\/p>\t\t\t\t\t\t\t\t<\/div>\n\t\t\t\t<\/div>\n\t\t\t\t\t<\/div>\n\t\t<\/div>\n\t\t\t\t\t<\/div>\n\t\t<\/section>\n\t\t\t\t<section class=\"elementor-section elementor-top-section elementor-element elementor-element-d689926 elementor-section-boxed elementor-section-height-default elementor-section-height-default\" data-id=\"d689926\" data-element_type=\"section\">\n\t\t\t\t\t\t<div class=\"elementor-container elementor-column-gap-default\">\n\t\t\t\t\t<div class=\"elementor-column elementor-col-100 elementor-top-column elementor-element elementor-element-ed89021\" data-id=\"ed89021\" data-element_type=\"column\">\n\t\t\t<div class=\"elementor-widget-wrap elementor-element-populated\">\n\t\t\t\t\t\t<div class=\"elementor-element elementor-element-e3a382b elementor-widget elementor-widget-text-editor\" data-id=\"e3a382b\" data-element_type=\"widget\" data-widget_type=\"text-editor.default\">\n\t\t\t\t<div class=\"elementor-widget-container\">\n\t\t\t\t\t\t\t\t\t<p class=\"Standard\" style=\"text-align: justify;\">Con la Sanaci\u00f3n Energ\u00e9tica se restablece el equilibrio f\u00edsico, mental y emocional, armonizando el vivir de cada d\u00eda, nos convertimos en personas m\u00e1s intuitivas y se hace uno co-creador de su propia realidad.<\/p>\t\t\t\t\t\t\t\t<\/div>\n\t\t\t\t<\/div>\n\t\t\t\t\t<\/div>\n\t\t<\/div>\n\t\t\t\t\t<\/div>\n\t\t<\/section>\n\t\t\t\t<section class=\"elementor-section elementor-top-section elementor-element elementor-element-c40e2aa elementor-section-boxed elementor-section-height-default elementor-section-height-default\" data-id=\"c40e2aa\" data-element_type=\"section\">\n\t\t\t\t\t\t<div class=\"elementor-container elementor-column-gap-default\">\n\t\t\t\t\t<div class=\"elementor-column elementor-col-100 elementor-top-column elementor-element elementor-element-ef62f79\" data-id=\"ef62f79\" data-element_type=\"column\">\n\t\t\t<div class=\"elementor-widget-wrap elementor-element-populated\">\n\t\t\t\t\t\t<div class=\"elementor-element elementor-element-363857d elementor-widget elementor-widget-text-editor\" data-id=\"363857d\" data-element_type=\"widget\" data-widget_type=\"text-editor.default\">\n\t\t\t\t<div class=\"elementor-widget-container\">\n\t\t\t\t\t\t\t\t\t<p class=\"Standard\" style=\"text-align: justify;\">Es un proceso \u00fanico y personal, cada persona lo experimenta de forma diferente, desde una profunda paz hasta im\u00e1genes, olores, sensaciones, sentimientos, acompa\u00f1ados habitualmente de lo que se llama registros ( movimientos dedos, ojos, cabeza&#8230;)<\/p>\t\t\t\t\t\t\t\t<\/div>\n\t\t\t\t<\/div>\n\t\t\t\t\t<\/div>\n\t\t<\/div>\n\t\t\t\t\t<\/div>\n\t\t<\/section>\n\t\t\t\t<section class=\"elementor-section elementor-top-section elementor-element elementor-element-5a09765 elementor-section-boxed elementor-section-height-default elementor-section-height-default\" data-id=\"5a09765\" data-element_type=\"section\">\n\t\t\t\t\t\t<div class=\"elementor-container elementor-column-gap-default\">\n\t\t\t\t\t<div class=\"elementor-column elementor-col-100 elementor-top-column elementor-element elementor-element-7224acc\" data-id=\"7224acc\" data-element_type=\"column\">\n\t\t\t<div class=\"elementor-widget-wrap elementor-element-populated\">\n\t\t\t\t\t\t<div class=\"elementor-element elementor-element-1ed01c9 elementor-widget elementor-widget-text-editor\" data-id=\"1ed01c9\" data-element_type=\"widget\" data-widget_type=\"text-editor.default\">\n\t\t\t\t<div class=\"elementor-widget-container\">\n\t\t\t\t\t\t\t\t\t<p class=\"Standard\" style=\"text-align: justify;\">Se puede presentar soluciones inmediatas o sentirla en el trascurso de los d\u00edas siguientes, siendo esta una sanaci\u00f3n apropiada para cada persona.<\/p>\t\t\t\t\t\t\t\t<\/div>\n\t\t\t\t<\/div>\n\t\t\t\t\t<\/div>\n\t\t<\/div>\n\t\t\t\t\t<\/div>\n\t\t<\/section>\n\t\t\t\t<section class=\"elementor-section elementor-top-section elementor-element elementor-element-dc98bdc elementor-section-boxed elementor-section-height-default elementor-section-height-default\" data-id=\"dc98bdc\" data-element_type=\"section\">\n\t\t\t\t\t\t<div class=\"elementor-container elementor-column-gap-default\">\n\t\t\t\t\t<div class=\"elementor-column elementor-col-100 elementor-top-column elementor-element elementor-element-0749ce1\" data-id=\"0749ce1\" data-element_type=\"column\">\n\t\t\t<div class=\"elementor-widget-wrap elementor-element-populated\">\n\t\t\t\t\t\t<div class=\"elementor-element elementor-element-72bb501 elementor-widget elementor-widget-heading\" data-id=\"72bb501\" data-element_type=\"widget\" data-widget_type=\"heading.default\">\n\t\t\t\t<div class=\"elementor-widget-container\">\n\t\t\t\t\t<h2 class=\"elementor-heading-title elementor-size-default\">\u00bfCuales son los beneficios probados cient\u00edficamente de estas frecuencias armonizadoras?<\/h2>\t\t\t\t<\/div>\n\t\t\t\t<\/div>\n\t\t\t\t\t<\/div>\n\t\t<\/div>\n\t\t\t\t\t<\/div>\n\t\t<\/section>\n\t\t\t\t<section class=\"elementor-section elementor-top-section elementor-element elementor-element-c88ceea elementor-section-boxed elementor-section-height-default elementor-section-height-default\" data-id=\"c88ceea\" data-element_type=\"section\">\n\t\t\t\t\t\t<div class=\"elementor-container elementor-column-gap-default\">\n\t\t\t\t\t<div class=\"elementor-column elementor-col-100 elementor-top-column elementor-element elementor-element-9e4c2bc\" data-id=\"9e4c2bc\" data-element_type=\"column\">\n\t\t\t<div class=\"elementor-widget-wrap elementor-element-populated\">\n\t\t\t\t\t\t<div class=\"elementor-element elementor-element-7a6afa4 elementor-widget elementor-widget-image\" data-id=\"7a6afa4\" data-element_type=\"widget\" data-widget_type=\"image.default\">\n\t\t\t\t<div class=\"elementor-widget-container\">\n\t\t\t\t\t\t\t\t\t\t\t\t\t\t\t<img decoding=\"async\" width=\"640\" height=\"303\" src=\"https:\/\/elenagarciaperez.com\/es\/wp-content\/uploads\/2023\/07\/sanacion3.jpg\" class=\"attachment-large size-large wp-image-125\" alt=\"\" srcset=\"https:\/\/elenagarciaperez.com\/es\/wp-content\/uploads\/2023\/07\/sanacion3.jpg 640w, https:\/\/elenagarciaperez.com\/es\/wp-content\/uploads\/2023\/07\/sanacion3-300x142.jpg 300w, https:\/\/elenagarciaperez.com\/es\/wp-content\/uploads\/2023\/07\/sanacion3-600x284.jpg 600w\" sizes=\"(max-width: 640px) 100vw, 640px\" \/>\t\t\t\t\t\t\t\t\t\t\t\t\t\t\t<\/div>\n\t\t\t\t<\/div>\n\t\t\t\t<div class=\"elementor-element elementor-element-c5ecfd8 elementor-widget elementor-widget-spacer\" data-id=\"c5ecfd8\" data-element_type=\"widget\" data-widget_type=\"spacer.default\">\n\t\t\t\t<div class=\"elementor-widget-container\">\n\t\t\t\t\t\t\t<div class=\"elementor-spacer\">\n\t\t\t<div class=\"elementor-spacer-inner\"><\/div>\n\t\t<\/div>\n\t\t\t\t\t\t<\/div>\n\t\t\t\t<\/div>\n\t\t\t\t\t<\/div>\n\t\t<\/div>\n\t\t\t\t\t<\/div>\n\t\t<\/section>\n\t\t\t\t<section class=\"elementor-section elementor-top-section elementor-element elementor-element-4a0b5c2 elementor-section-boxed elementor-section-height-default elementor-section-height-default\" data-id=\"4a0b5c2\" data-element_type=\"section\" data-settings=\"{&quot;background_background&quot;:&quot;slideshow&quot;,&quot;background_slideshow_gallery&quot;:[{&quot;id&quot;:435,&quot;url&quot;:&quot;https:\\\/\\\/elenagarciaperez.com\\\/es\\\/wp-content\\\/uploads\\\/2023\\\/07\\\/sanar3.jpg&quot;}],&quot;background_slideshow_loop&quot;:&quot;yes&quot;,&quot;background_slideshow_slide_duration&quot;:5000,&quot;background_slideshow_slide_transition&quot;:&quot;fade&quot;,&quot;background_slideshow_transition_duration&quot;:500}\">\n\t\t\t\t\t\t<div class=\"elementor-container elementor-column-gap-default\">\n\t\t\t\t\t<div class=\"elementor-column elementor-col-100 elementor-top-column elementor-element elementor-element-213620b\" data-id=\"213620b\" data-element_type=\"column\">\n\t\t\t<div class=\"elementor-widget-wrap elementor-element-populated\">\n\t\t\t\t\t\t<div class=\"elementor-element elementor-element-099254b elementor-widget elementor-widget-text-editor\" data-id=\"099254b\" data-element_type=\"widget\" data-widget_type=\"text-editor.default\">\n\t\t\t\t<div class=\"elementor-widget-container\">\n\t\t\t\t\t\t\t\t\t<p class=\"Standard\" style=\"text-align: justify;\"><span style=\"color: #000000;\"><strong>*<\/strong><\/span> Ayudan a sanar a todos los niveles: f\u00edsico, emocional, mental, electromagn\u00e9tico y lum\u00ednico.<\/p><p class=\"Standard\" style=\"text-align: justify;\"><span style=\"color: #000000;\">*<\/span> La calidad del Campo Bioenerg\u00e9tico de la persona aumenta dr\u00e1sticamente.<\/p><p class=\"Standard\" style=\"text-align: justify;\"><span style=\"color: #000000;\">*<\/span> Disminuye de forma considerable todos los par\u00e1metros psicol\u00f3gicos negativos como tensi\u00f3n, depresi\u00f3n, agresi\u00f3n y confusi\u00f3n.<\/p><p class=\"Standard\" style=\"text-align: justify;\"><span style=\"color: #000000;\">*<\/span> Disminuye de forma notable el nivel de estr\u00e9s fisiol\u00f3gico y emocional.<\/p><p class=\"Standard\" style=\"text-align: justify;\"><span style=\"color: #000000;\">*<\/span> Fortalece de manera significativa el Sistema Inmunol\u00f3gico.<\/p><p class=\"Standard\" style=\"text-align: justify;\"><span style=\"color: #000000;\">*<\/span> Reestructuran, armonizan y reordenan el ADN.<\/p>\t\t\t\t\t\t\t\t<\/div>\n\t\t\t\t<\/div>\n\t\t\t\t\t<\/div>\n\t\t<\/div>\n\t\t\t\t\t<\/div>\n\t\t<\/section>\n\t\t\t\t<section class=\"elementor-section elementor-top-section elementor-element elementor-element-672d5aa elementor-section-boxed elementor-section-height-default elementor-section-height-default\" data-id=\"672d5aa\" data-element_type=\"section\">\n\t\t\t\t\t\t<div class=\"elementor-container elementor-column-gap-default\">\n\t\t\t\t\t<div class=\"elementor-column elementor-col-100 elementor-top-column elementor-element elementor-element-384bfc3\" data-id=\"384bfc3\" data-element_type=\"column\">\n\t\t\t<div class=\"elementor-widget-wrap elementor-element-populated\">\n\t\t\t\t\t\t<div class=\"elementor-element elementor-element-afed2c1 elementor-widget elementor-widget-text-editor\" data-id=\"afed2c1\" data-element_type=\"widget\" data-widget_type=\"text-editor.default\">\n\t\t\t\t<div class=\"elementor-widget-container\">\n\t\t\t\t\t\t\t\t\t<p class=\"Standard\" style=\"text-align: justify;\"><span style=\"color: black;\">Hoy en d\u00eda podemos medir nuestro campo magn\u00e9tico, hay cientos de estudios cient\u00edficos que demuestran esa desarmon\u00eda en el aura, el Dr. <span class=\"StrongEmphasis\">Konstantin<\/span> Lorthow (catedr\u00e1tico, fil\u00f3sofo y cient\u00edfico) es director del Instituto de Investigaci\u00f3n de la Cultura F\u00edsica, <span class=\"StrongEmphasis\">San Petersburg en la cual<\/span> lleva muchos a\u00f1os investigando sobre ello, en su libro \u201c La Energ\u00eda de la Conciencia\u201d.<\/span><\/p><p class=\"Standard\" style=\"text-align: justify;\"><span style=\"color: black;\">La m\u00e1quina Bio-Well permite el an\u00e1lisis de multitud de par\u00e1metros que nos permiten entenderlo como un todo, al informarnos sobre su estado energ\u00e9tico, f\u00edsico y psicoemocional.<\/span><\/p>\t\t\t\t\t\t\t\t<\/div>\n\t\t\t\t<\/div>\n\t\t\t\t\t<\/div>\n\t\t<\/div>\n\t\t\t\t\t<\/div>\n\t\t<\/section>\n\t\t\t\t<section class=\"elementor-section elementor-top-section elementor-element elementor-element-7e568d1 elementor-section-boxed elementor-section-height-default elementor-section-height-default\" data-id=\"7e568d1\" data-element_type=\"section\">\n\t\t\t\t\t\t<div class=\"elementor-container elementor-column-gap-default\">\n\t\t\t\t\t<div class=\"elementor-column elementor-col-100 elementor-top-column elementor-element elementor-element-1af0367\" data-id=\"1af0367\" data-element_type=\"column\">\n\t\t\t<div class=\"elementor-widget-wrap elementor-element-populated\">\n\t\t\t\t\t\t<div class=\"elementor-element elementor-element-d0eafca elementor-widget elementor-widget-text-editor\" data-id=\"d0eafca\" data-element_type=\"widget\" data-widget_type=\"text-editor.default\">\n\t\t\t\t<div class=\"elementor-widget-container\">\n\t\t\t\t\t\t\t\t\t<p class=\"Standard\" style=\"text-align: justify;\"><b>La sanaci\u00f3n llegar\u00e1 a su fase \u00f3ptima si se suma la combinaci\u00f3n del pensamiento positivos del participante y las nuevas frecuencias de energ\u00eda y luz y de informaci\u00f3n que entra en el cuerpo del participante, a trav\u00e9s del sanador o canal.<\/b><\/p>\t\t\t\t\t\t\t\t<\/div>\n\t\t\t\t<\/div>\n\t\t\t\t\t<\/div>\n\t\t<\/div>\n\t\t\t\t\t<\/div>\n\t\t<\/section>\n\t\t\t\t<section class=\"elementor-section elementor-top-section elementor-element elementor-element-9259af2 elementor-section-boxed elementor-section-height-default elementor-section-height-default\" data-id=\"9259af2\" data-element_type=\"section\">\n\t\t\t\t\t\t<div class=\"elementor-container elementor-column-gap-default\">\n\t\t\t\t\t<div class=\"elementor-column elementor-col-100 elementor-top-column elementor-element elementor-element-dea3b84\" data-id=\"dea3b84\" data-element_type=\"column\">\n\t\t\t<div class=\"elementor-widget-wrap elementor-element-populated\">\n\t\t\t\t\t\t<div class=\"elementor-element elementor-element-fd22d0f elementor-widget elementor-widget-text-editor\" data-id=\"fd22d0f\" data-element_type=\"widget\" data-widget_type=\"text-editor.default\">\n\t\t\t\t<div class=\"elementor-widget-container\">\n\t\t\t\t\t\t\t\t\t<p class=\"Standard\" style=\"text-align: justify;\">Hemos de saber que el pensamiento es una frecuencia vibratoria. Cuando se piensa se emite una onda que se llama onda de pensamiento que tambi\u00e9n es una frecuencia vibratoria. Por lo que el pensamiento es una onda que lleva informaci\u00f3n, es una vibraci\u00f3n que lleva informaci\u00f3n y a esa informaci\u00f3n es a la que las personas llaman el Verbo Divino. En realidad es el pensamiento de la Fuente y es un pensamiento creador. Todo lo que existe en el universo emite ondas que pueden ser traducidas a pensamientos.<\/p>\t\t\t\t\t\t\t\t<\/div>\n\t\t\t\t<\/div>\n\t\t\t\t\t<\/div>\n\t\t<\/div>\n\t\t\t\t\t<\/div>\n\t\t<\/section>\n\t\t\t\t<section class=\"elementor-section elementor-top-section elementor-element elementor-element-44c24a7 elementor-section-boxed elementor-section-height-default elementor-section-height-default\" data-id=\"44c24a7\" data-element_type=\"section\">\n\t\t\t\t\t\t<div class=\"elementor-container elementor-column-gap-default\">\n\t\t\t\t\t<div class=\"elementor-column elementor-col-100 elementor-top-column elementor-element elementor-element-5158785\" data-id=\"5158785\" data-element_type=\"column\">\n\t\t\t<div class=\"elementor-widget-wrap elementor-element-populated\">\n\t\t\t\t\t\t<div class=\"elementor-element elementor-element-6ff83c1 elementor-widget elementor-widget-text-editor\" data-id=\"6ff83c1\" data-element_type=\"widget\" data-widget_type=\"text-editor.default\">\n\t\t\t\t<div class=\"elementor-widget-container\">\n\t\t\t\t\t\t\t\t\t<p class=\"Standard\" style=\"text-align: justify;\">As\u00ed como yo pienso, as\u00ed como yo dirijo mi pensamiento, as\u00ed genero una frecuencia vibratoria que es af\u00edn con frecuencias del universo. Si aspiro a percibir frecuencias altas, necesito tener pensamientos puros ( no conflictivos) porque los pensamientos conflictivos son de baja frecuencia y traen informaci\u00f3n conflictiva a mi mente.<\/p>\t\t\t\t\t\t\t\t<\/div>\n\t\t\t\t<\/div>\n\t\t\t\t\t<\/div>\n\t\t<\/div>\n\t\t\t\t\t<\/div>\n\t\t<\/section>\n\t\t\t\t<section class=\"elementor-section elementor-top-section elementor-element elementor-element-0af9889 elementor-section-boxed elementor-section-height-default elementor-section-height-default\" data-id=\"0af9889\" data-element_type=\"section\" data-settings=\"{&quot;background_background&quot;:&quot;slideshow&quot;,&quot;background_slideshow_gallery&quot;:[{&quot;id&quot;:331,&quot;url&quot;:&quot;https:\\\/\\\/elenagarciaperez.com\\\/es\\\/wp-content\\\/uploads\\\/2023\\\/07\\\/princ3.jpg&quot;}],&quot;background_slideshow_loop&quot;:&quot;yes&quot;,&quot;background_slideshow_slide_duration&quot;:5000,&quot;background_slideshow_slide_transition&quot;:&quot;fade&quot;,&quot;background_slideshow_transition_duration&quot;:500}\">\n\t\t\t\t\t\t<div class=\"elementor-container elementor-column-gap-default\">\n\t\t\t\t\t<div class=\"elementor-column elementor-col-100 elementor-top-column elementor-element elementor-element-97cb526\" data-id=\"97cb526\" data-element_type=\"column\">\n\t\t\t<div class=\"elementor-widget-wrap elementor-element-populated\">\n\t\t\t\t\t\t<div class=\"elementor-element elementor-element-30e13f6 elementor-widget elementor-widget-text-editor\" data-id=\"30e13f6\" data-element_type=\"widget\" data-widget_type=\"text-editor.default\">\n\t\t\t\t<div class=\"elementor-widget-container\">\n\t\t\t\t\t\t\t\t\t<p class=\"Standard\" style=\"padding-left: 40px;\"><span style=\"color: #000000;\"><b>1\u00ba<\/b><\/span> Yo soy una Creaci\u00f3n Perfecta; ya que as\u00ed es.<\/p><p class=\"Standard\" style=\"padding-left: 40px;\"><span style=\"color: #000000;\"><b>2\u00ba<\/b><\/span> Yo tengo la capacidad de ser feliz, de disfrutar la vida, de aprender y de servir eficientemente a los dem\u00e1s.<\/p><p class=\"Standard\" style=\"padding-left: 40px;\"><span style=\"color: #000000;\"><b>3\u00ba<\/b><\/span> Todo lo que sucede a mi alrededor es una excelente, una maravillosa oportunidad para desarrollarme internamente en la capacidad de comprend4er la raz\u00f3n por la cual sucede y disfrutar del aprendizaje que de ello hago.<\/p>\t\t\t\t\t\t\t\t<\/div>\n\t\t\t\t<\/div>\n\t\t\t\t\t<\/div>\n\t\t<\/div>\n\t\t\t\t\t<\/div>\n\t\t<\/section>\n\t\t\t\t<section class=\"elementor-section elementor-top-section elementor-element elementor-element-d1bd780 elementor-section-boxed elementor-section-height-default elementor-section-height-default\" data-id=\"d1bd780\" data-element_type=\"section\">\n\t\t\t\t\t\t<div class=\"elementor-container elementor-column-gap-default\">\n\t\t\t\t\t<div class=\"elementor-column elementor-col-100 elementor-top-column elementor-element elementor-element-e969600\" data-id=\"e969600\" data-element_type=\"column\">\n\t\t\t<div class=\"elementor-widget-wrap elementor-element-populated\">\n\t\t\t\t\t\t<div class=\"elementor-element elementor-element-2fc4112 elementor-widget elementor-widget-text-editor\" data-id=\"2fc4112\" data-element_type=\"widget\" data-widget_type=\"text-editor.default\">\n\t\t\t\t<div class=\"elementor-widget-container\">\n\t\t\t\t\t\t\t\t\t<p class=\"Standard\" style=\"text-align: justify;\">Entonces ya estoy llenando mi mente de una frecuencia alta y generamos una energ\u00eda que se llama el <b>arte del atractivo personal<\/b>. Este arte es saber pensar, no es nada m\u00e1s que eso y alcanzaremos una <b>sensaci\u00f3n de paz y armon\u00eda<\/b>.<\/p>\t\t\t\t\t\t\t\t<\/div>\n\t\t\t\t<\/div>\n\t\t\t\t\t<\/div>\n\t\t<\/div>\n\t\t\t\t\t<\/div>\n\t\t<\/section>\n\t\t\t\t<section class=\"elementor-section elementor-top-section elementor-element elementor-element-1a1b7b3 elementor-section-boxed elementor-section-height-default elementor-section-height-default\" data-id=\"1a1b7b3\" data-element_type=\"section\">\n\t\t\t\t\t\t<div class=\"elementor-container elementor-column-gap-default\">\n\t\t\t\t\t<div class=\"elementor-column elementor-col-100 elementor-top-column elementor-element elementor-element-ed17ae6\" data-id=\"ed17ae6\" data-element_type=\"column\">\n\t\t\t<div class=\"elementor-widget-wrap elementor-element-populated\">\n\t\t\t\t\t\t<div class=\"elementor-element elementor-element-bae6800 elementor-widget elementor-widget-text-editor\" data-id=\"bae6800\" data-element_type=\"widget\" data-widget_type=\"text-editor.default\">\n\t\t\t\t<div class=\"elementor-widget-container\">\n\t\t\t\t\t\t\t\t\t<p class=\"Standard\" style=\"text-align: justify;\"><b>El resultado de la sanaci\u00f3n se alcanzar\u00e1 tras la sumar los pensamientos vibracionales creadores del participante junto a las nuevos c\u00f3digos de luz e informaci\u00f3n emitidos por el canal o sanador en la sesi\u00f3n.<\/b><\/p>\t\t\t\t\t\t\t\t<\/div>\n\t\t\t\t<\/div>\n\t\t\t\t\t<\/div>\n\t\t<\/div>\n\t\t\t\t\t<\/div>\n\t\t<\/section>\n\t\t\t\t<section class=\"elementor-section elementor-top-section elementor-element elementor-element-afdfe1a elementor-section-boxed elementor-section-height-default elementor-section-height-default\" data-id=\"afdfe1a\" data-element_type=\"section\">\n\t\t\t\t\t\t<div class=\"elementor-container elementor-column-gap-default\">\n\t\t\t\t\t<div class=\"elementor-column elementor-col-100 elementor-top-column elementor-element elementor-element-621b466\" data-id=\"621b466\" data-element_type=\"column\">\n\t\t\t<div class=\"elementor-widget-wrap elementor-element-populated\">\n\t\t\t\t\t\t<div class=\"elementor-element elementor-element-742c35b elementor-hidden-tablet elementor-hidden-mobile elementor-widget elementor-widget-spacer\" data-id=\"742c35b\" data-element_type=\"widget\" data-widget_type=\"spacer.default\">\n\t\t\t\t<div class=\"elementor-widget-container\">\n\t\t\t\t\t\t\t<div class=\"elementor-spacer\">\n\t\t\t<div class=\"elementor-spacer-inner\"><\/div>\n\t\t<\/div>\n\t\t\t\t\t\t<\/div>\n\t\t\t\t<\/div>\n\t\t\t\t\t<\/div>\n\t\t<\/div>\n\t\t\t\t\t<\/div>\n\t\t<\/section>\n\t\t\t\t<section class=\"elementor-section elementor-top-section elementor-element elementor-element-157e7c3 elementor-section-boxed elementor-section-height-default elementor-section-height-default\" data-id=\"157e7c3\" data-element_type=\"section\">\n\t\t\t\t\t\t<div class=\"elementor-container elementor-column-gap-default\">\n\t\t\t\t\t<div class=\"elementor-column elementor-col-100 elementor-top-column elementor-element elementor-element-425037d\" data-id=\"425037d\" data-element_type=\"column\">\n\t\t\t<div class=\"elementor-widget-wrap elementor-element-populated\">\n\t\t\t\t\t\t<div class=\"elementor-element elementor-element-9493890 elementor-widget elementor-widget-image\" data-id=\"9493890\" data-element_type=\"widget\" data-widget_type=\"image.default\">\n\t\t\t\t<div class=\"elementor-widget-container\">\n\t\t\t\t\t\t\t\t\t\t\t\t\t\t\t<img loading=\"lazy\" decoding=\"async\" width=\"800\" height=\"534\" src=\"https:\/\/elenagarciaperez.com\/es\/wp-content\/uploads\/2023\/10\/7d237bc2-d969-41f0-868c-8f052355fe3b-1024x683.jpeg\" class=\"attachment-large size-large wp-image-1367\" alt=\"\" srcset=\"https:\/\/elenagarciaperez.com\/es\/wp-content\/uploads\/2023\/10\/7d237bc2-d969-41f0-868c-8f052355fe3b-1024x683.jpeg 1024w, https:\/\/elenagarciaperez.com\/es\/wp-content\/uploads\/2023\/10\/7d237bc2-d969-41f0-868c-8f052355fe3b-300x200.jpeg 300w, https:\/\/elenagarciaperez.com\/es\/wp-content\/uploads\/2023\/10\/7d237bc2-d969-41f0-868c-8f052355fe3b-768x512.jpeg 768w, https:\/\/elenagarciaperez.com\/es\/wp-content\/uploads\/2023\/10\/7d237bc2-d969-41f0-868c-8f052355fe3b-1536x1024.jpeg 1536w, https:\/\/elenagarciaperez.com\/es\/wp-content\/uploads\/2023\/10\/7d237bc2-d969-41f0-868c-8f052355fe3b.jpeg 1620w\" sizes=\"(max-width: 800px) 100vw, 800px\" \/>\t\t\t\t\t\t\t\t\t\t\t\t\t\t\t<\/div>\n\t\t\t\t<\/div>\n\t\t\t\t\t<\/div>\n\t\t<\/div>\n\t\t\t\t\t<\/div>\n\t\t<\/section>\n\t\t\t\t<section class=\"elementor-section elementor-top-section elementor-element elementor-element-9435c26 elementor-section-boxed elementor-section-height-default elementor-section-height-default\" data-id=\"9435c26\" data-element_type=\"section\">\n\t\t\t\t\t\t<div class=\"elementor-container elementor-column-gap-default\">\n\t\t\t\t\t<div class=\"elementor-column elementor-col-100 elementor-top-column elementor-element elementor-element-6eef7f9\" data-id=\"6eef7f9\" data-element_type=\"column\">\n\t\t\t<div class=\"elementor-widget-wrap elementor-element-populated\">\n\t\t\t\t\t\t<div class=\"elementor-element elementor-element-54f1084 elementor-widget elementor-widget-spacer\" data-id=\"54f1084\" data-element_type=\"widget\" data-widget_type=\"spacer.default\">\n\t\t\t\t<div class=\"elementor-widget-container\">\n\t\t\t\t\t\t\t<div class=\"elementor-spacer\">\n\t\t\t<div class=\"elementor-spacer-inner\"><\/div>\n\t\t<\/div>\n\t\t\t\t\t\t<\/div>\n\t\t\t\t<\/div>\n\t\t\t\t\t<\/div>\n\t\t<\/div>\n\t\t\t\t\t<\/div>\n\t\t<\/section>\n\t\t\t\t<section class=\"elementor-section elementor-top-section elementor-element elementor-element-ec0947c elementor-section-boxed elementor-section-height-default elementor-section-height-default\" data-id=\"ec0947c\" data-element_type=\"section\">\n\t\t\t\t\t\t<div class=\"elementor-container elementor-column-gap-default\">\n\t\t\t\t\t<div class=\"elementor-column elementor-col-100 elementor-top-column elementor-element elementor-element-d0954a6\" data-id=\"d0954a6\" data-element_type=\"column\">\n\t\t\t<div class=\"elementor-widget-wrap elementor-element-populated\">\n\t\t\t\t\t\t<div class=\"elementor-element elementor-element-e15254d elementor-widget elementor-widget-heading\" data-id=\"e15254d\" data-element_type=\"widget\" data-widget_type=\"heading.default\">\n\t\t\t\t<div class=\"elementor-widget-container\">\n\t\t\t\t\t<h2 class=\"elementor-heading-title elementor-size-default\">SANACI\u00d3N ENERG\u00c9TICA AXIOTONAL <\/h2>\t\t\t\t<\/div>\n\t\t\t\t<\/div>\n\t\t\t\t<div class=\"elementor-element elementor-element-5fb603c elementor-widget elementor-widget-image\" data-id=\"5fb603c\" data-element_type=\"widget\" data-widget_type=\"image.default\">\n\t\t\t\t<div class=\"elementor-widget-container\">\n\t\t\t\t\t\t\t\t\t\t\t\t\t\t\t<img loading=\"lazy\" decoding=\"async\" width=\"800\" height=\"44\" src=\"https:\/\/elenagarciaperez.com\/es\/wp-content\/uploads\/2023\/11\/caracolaLineas-1-1024x56.jpg\" class=\"attachment-large size-large wp-image-1442\" alt=\"\" srcset=\"https:\/\/elenagarciaperez.com\/es\/wp-content\/uploads\/2023\/11\/caracolaLineas-1-1024x56.jpg 1024w, https:\/\/elenagarciaperez.com\/es\/wp-content\/uploads\/2023\/11\/caracolaLineas-1-300x16.jpg 300w, https:\/\/elenagarciaperez.com\/es\/wp-content\/uploads\/2023\/11\/caracolaLineas-1-768x42.jpg 768w, https:\/\/elenagarciaperez.com\/es\/wp-content\/uploads\/2023\/11\/caracolaLineas-1.jpg 1234w\" sizes=\"(max-width: 800px) 100vw, 800px\" \/>\t\t\t\t\t\t\t\t\t\t\t\t\t\t\t<\/div>\n\t\t\t\t<\/div>\n\t\t\t\t<div class=\"elementor-element elementor-element-8e52127 elementor-widget elementor-widget-text-editor\" data-id=\"8e52127\" data-element_type=\"widget\" data-widget_type=\"text-editor.default\">\n\t\t\t\t<div class=\"elementor-widget-container\">\n\t\t\t\t\t\t\t\t\t<p style=\"text-align: center;\"><span style=\"color: #000000;\">*<\/span> Sesiones individuales \u00a0\u00a0<\/p><p style=\"text-align: center;\"><span style=\"color: #000000;\">*<\/span> Presencial y Distancia\u00a0\u00a0<\/p><p style=\"text-align: center;\"><span style=\"color: #000000;\">*<\/span> 40-50 minutos por Sesi\u00f3n<\/p>\t\t\t\t\t\t\t\t<\/div>\n\t\t\t\t<\/div>\n\t\t\t\t<div class=\"elementor-element elementor-element-ed4591a elementor-widget elementor-widget-heading\" data-id=\"ed4591a\" data-element_type=\"widget\" data-widget_type=\"heading.default\">\n\t\t\t\t<div class=\"elementor-widget-container\">\n\t\t\t\t\t<h2 class=\"elementor-heading-title elementor-size-default\">55 \u20ac<\/h2>\t\t\t\t<\/div>\n\t\t\t\t<\/div>\n\t\t\t\t<div class=\"elementor-element elementor-element-ba1a332 elementor-align-center elementor-widget elementor-widget-button\" data-id=\"ba1a332\" data-element_type=\"widget\" data-widget_type=\"button.default\">\n\t\t\t\t<div class=\"elementor-widget-container\">\n\t\t\t\t\t\t\t\t\t<div class=\"elementor-button-wrapper\">\n\t\t\t\t\t<a class=\"elementor-button elementor-button-link elementor-size-sm\" href=\"https:\/\/elenagarciaperez.com\/es\/index.php\/contacto\/\">\n\t\t\t\t\t\t<span class=\"elementor-button-content-wrapper\">\n\t\t\t\t\t\t\t\t\t<span class=\"elementor-button-text\">Reserva tu Cita<\/span>\n\t\t\t\t\t<\/span>\n\t\t\t\t\t<\/a>\n\t\t\t\t<\/div>\n\t\t\t\t\t\t\t\t<\/div>\n\t\t\t\t<\/div>\n\t\t\t\t<div class=\"elementor-element elementor-element-086ef1f elementor-widget elementor-widget-spacer\" data-id=\"086ef1f\" data-element_type=\"widget\" data-widget_type=\"spacer.default\">\n\t\t\t\t<div class=\"elementor-widget-container\">\n\t\t\t\t\t\t\t<div class=\"elementor-spacer\">\n\t\t\t<div class=\"elementor-spacer-inner\"><\/div>\n\t\t<\/div>\n\t\t\t\t\t\t<\/div>\n\t\t\t\t<\/div>\n\t\t\t\t\t<\/div>\n\t\t<\/div>\n\t\t\t\t\t<\/div>\n\t\t<\/section>\n\t\t\t\t<section class=\"elementor-section elementor-top-section elementor-element elementor-element-4579f97 elementor-section-boxed elementor-section-height-default elementor-section-height-default\" data-id=\"4579f97\" data-element_type=\"section\">\n\t\t\t\t\t\t<div class=\"elementor-container elementor-column-gap-default\">\n\t\t\t\t\t<div class=\"elementor-column elementor-col-100 elementor-top-column elementor-element elementor-element-c01e980\" data-id=\"c01e980\" data-element_type=\"column\">\n\t\t\t<div class=\"elementor-widget-wrap\">\n\t\t\t\t\t\t\t<\/div>\n\t\t<\/div>\n\t\t\t\t\t<\/div>\n\t\t<\/section>\n\t\t\t\t<section class=\"elementor-section elementor-top-section elementor-element elementor-element-3ab684e elementor-section-boxed elementor-section-height-default elementor-section-height-default\" data-id=\"3ab684e\" data-element_type=\"section\">\n\t\t\t\t\t\t<div class=\"elementor-container elementor-column-gap-default\">\n\t\t\t\t\t<div class=\"elementor-column elementor-col-100 elementor-top-column elementor-element elementor-element-be0a32a\" data-id=\"be0a32a\" data-element_type=\"column\">\n\t\t\t<div class=\"elementor-widget-wrap elementor-element-populated\">\n\t\t\t\t\t\t<div class=\"elementor-element elementor-element-dfeb741 elementor-widget elementor-widget-spacer\" data-id=\"dfeb741\" data-element_type=\"widget\" data-widget_type=\"spacer.default\">\n\t\t\t\t<div class=\"elementor-widget-container\">\n\t\t\t\t\t\t\t<div class=\"elementor-spacer\">\n\t\t\t<div class=\"elementor-spacer-inner\"><\/div>\n\t\t<\/div>\n\t\t\t\t\t\t<\/div>\n\t\t\t\t<\/div>\n\t\t\t\t\t<\/div>\n\t\t<\/div>\n\t\t\t\t\t<\/div>\n\t\t<\/section>\n\t\t\t\t<\/div>\n\t\t","protected":false},"excerpt":{"rendered":"<p>Elena Garc\u00eda P\u00e9rez Donde Ciencia y Espiritualidad Convergen. Mi nombre es Elena y estoy aqu\u00ed para acompa\u00f1arte en tu proceso de Sanaci\u00f3n y Crecimiento . Yo tengo una personalidad llamada P.A.S. (Personalidad Altamente Sensible) y tengo todos los rasgos de los llamados Emp\u00e1ticos, ambas las considero dones para hacer mi trabajo de forma m\u00e1s eficaz. [&hellip;]<\/p>\n","protected":false},"author":1,"featured_media":0,"parent":0,"menu_order":0,"comment_status":"closed","ping_status":"closed","template":"elementor_header_footer","meta":{"_joinchat":[],"footnotes":""},"class_list":["post-23","page","type-page","status-publish","hentry"],"yoast_head":"<!-- This site is optimized with the Yoast SEO plugin v20.11 - https:\/\/yoast.com\/wordpress\/plugins\/seo\/ -->\n<title>Sanaci\u00f3n Energ\u00e9tica Axiotonal - Elena Garcia Perez<\/title>\n<meta name=\"description\" content=\"\u00bfQu\u00e9 es la Sanaci\u00f3n Energ\u00e9tica Axiatonal? Sanaci\u00f3n a todos los niveles: f\u00edsico, emocional, mental, electromagn\u00e9tico y lum\u00ednico.\" \/>\n<meta name=\"robots\" content=\"index, follow, max-snippet:-1, max-image-preview:large, max-video-preview:-1\" \/>\n<link rel=\"canonical\" href=\"https:\/\/elenagarciaperez.com\/es\/sanacion-energetica-axiotonal\/\" \/>\n<meta property=\"og:locale\" content=\"es_ES\" \/>\n<meta property=\"og:type\" content=\"article\" \/>\n<meta property=\"og:title\" content=\"Sanaci\u00f3n Energ\u00e9tica Axiotonal - Elena Garcia Perez\" \/>\n<meta property=\"og:description\" content=\"\u00bfQu\u00e9 es la Sanaci\u00f3n Energ\u00e9tica Axiatonal? Sanaci\u00f3n a todos los niveles: f\u00edsico, emocional, mental, electromagn\u00e9tico y lum\u00ednico.\" \/>\n<meta property=\"og:url\" content=\"https:\/\/elenagarciaperez.com\/es\/sanacion-energetica-axiotonal\/\" \/>\n<meta property=\"og:site_name\" content=\"Elena Garcia Perez\" \/>\n<meta property=\"article:modified_time\" content=\"2023-11-02T18:20:59+00:00\" \/>\n<meta property=\"og:image\" content=\"https:\/\/elenagarciaperez.com\/es\/wp-content\/uploads\/2023\/07\/esta-sanacion-energetica-axiatonal-1024x323.jpeg\" \/>\n<meta name=\"twitter:card\" content=\"summary_large_image\" \/>\n<meta name=\"twitter:label1\" content=\"Tiempo de lectura\" \/>\n\t<meta name=\"twitter:data1\" content=\"9 minutos\" \/>\n<script type=\"application\/ld+json\" class=\"yoast-schema-graph\">{\"@context\":\"https:\/\/schema.org\",\"@graph\":[{\"@type\":\"WebPage\",\"@id\":\"https:\/\/elenagarciaperez.com\/es\/sanacion-energetica-axiotonal\/\",\"url\":\"https:\/\/elenagarciaperez.com\/es\/sanacion-energetica-axiotonal\/\",\"name\":\"Sanaci\u00f3n Energ\u00e9tica Axiotonal - Elena Garcia Perez\",\"isPartOf\":{\"@id\":\"https:\/\/elenagarciaperez.com\/es\/#website\"},\"datePublished\":\"2023-07-05T15:21:26+00:00\",\"dateModified\":\"2023-11-02T18:20:59+00:00\",\"description\":\"\u00bfQu\u00e9 es la Sanaci\u00f3n Energ\u00e9tica Axiatonal? Sanaci\u00f3n a todos los niveles: f\u00edsico, emocional, mental, electromagn\u00e9tico y lum\u00ednico.\",\"breadcrumb\":{\"@id\":\"https:\/\/elenagarciaperez.com\/es\/sanacion-energetica-axiotonal\/#breadcrumb\"},\"inLanguage\":\"es\",\"potentialAction\":[{\"@type\":\"ReadAction\",\"target\":[\"https:\/\/elenagarciaperez.com\/es\/sanacion-energetica-axiotonal\/\"]}]},{\"@type\":\"BreadcrumbList\",\"@id\":\"https:\/\/elenagarciaperez.com\/es\/sanacion-energetica-axiotonal\/#breadcrumb\",\"itemListElement\":[{\"@type\":\"ListItem\",\"position\":1,\"name\":\"Portada\",\"item\":\"https:\/\/elenagarciaperez.com\/es\/\"},{\"@type\":\"ListItem\",\"position\":2,\"name\":\"Sanaci\u00f3n Energ\u00e9tica Axiotonal\"}]},{\"@type\":\"WebSite\",\"@id\":\"https:\/\/elenagarciaperez.com\/es\/#website\",\"url\":\"https:\/\/elenagarciaperez.com\/es\/\",\"name\":\"Elena Garcia Perez\",\"description\":\"\",\"publisher\":{\"@id\":\"https:\/\/elenagarciaperez.com\/es\/#organization\"},\"potentialAction\":[{\"@type\":\"SearchAction\",\"target\":{\"@type\":\"EntryPoint\",\"urlTemplate\":\"https:\/\/elenagarciaperez.com\/es\/?s={search_term_string}\"},\"query-input\":\"required name=search_term_string\"}],\"inLanguage\":\"es\"},{\"@type\":\"Organization\",\"@id\":\"https:\/\/elenagarciaperez.com\/es\/#organization\",\"name\":\"Elena Garcia Perez\",\"url\":\"https:\/\/elenagarciaperez.com\/es\/\",\"logo\":{\"@type\":\"ImageObject\",\"inLanguage\":\"es\",\"@id\":\"https:\/\/elenagarciaperez.com\/es\/#\/schema\/logo\/image\/\",\"url\":\"https:\/\/elenagarciaperez.com\/es\/wp-content\/uploads\/2023\/07\/PipiletPeq.png\",\"contentUrl\":\"https:\/\/elenagarciaperez.com\/es\/wp-content\/uploads\/2023\/07\/PipiletPeq.png\",\"width\":150,\"height\":169,\"caption\":\"Elena Garcia Perez\"},\"image\":{\"@id\":\"https:\/\/elenagarciaperez.com\/es\/#\/schema\/logo\/image\/\"}}]}<\/script>\n<!-- \/ Yoast SEO plugin. -->","yoast_head_json":{"title":"Sanaci\u00f3n Energ\u00e9tica Axiotonal - Elena Garcia Perez","description":"\u00bfQu\u00e9 es la Sanaci\u00f3n Energ\u00e9tica Axiatonal? Sanaci\u00f3n a todos los niveles: f\u00edsico, emocional, mental, electromagn\u00e9tico y lum\u00ednico.","robots":{"index":"index","follow":"follow","max-snippet":"max-snippet:-1","max-image-preview":"max-image-preview:large","max-video-preview":"max-video-preview:-1"},"canonical":"https:\/\/elenagarciaperez.com\/es\/sanacion-energetica-axiotonal\/","og_locale":"es_ES","og_type":"article","og_title":"Sanaci\u00f3n Energ\u00e9tica Axiotonal - Elena Garcia Perez","og_description":"\u00bfQu\u00e9 es la Sanaci\u00f3n Energ\u00e9tica Axiatonal? Sanaci\u00f3n a todos los niveles: f\u00edsico, emocional, mental, electromagn\u00e9tico y lum\u00ednico.","og_url":"https:\/\/elenagarciaperez.com\/es\/sanacion-energetica-axiotonal\/","og_site_name":"Elena Garcia Perez","article_modified_time":"2023-11-02T18:20:59+00:00","og_image":[{"url":"https:\/\/elenagarciaperez.com\/es\/wp-content\/uploads\/2023\/07\/esta-sanacion-energetica-axiatonal-1024x323.jpeg"}],"twitter_card":"summary_large_image","twitter_misc":{"Tiempo de lectura":"9 minutos"},"schema":{"@context":"https:\/\/schema.org","@graph":[{"@type":"WebPage","@id":"https:\/\/elenagarciaperez.com\/es\/sanacion-energetica-axiotonal\/","url":"https:\/\/elenagarciaperez.com\/es\/sanacion-energetica-axiotonal\/","name":"Sanaci\u00f3n Energ\u00e9tica Axiotonal - Elena Garcia Perez","isPartOf":{"@id":"https:\/\/elenagarciaperez.com\/es\/#website"},"datePublished":"2023-07-05T15:21:26+00:00","dateModified":"2023-11-02T18:20:59+00:00","description":"\u00bfQu\u00e9 es la Sanaci\u00f3n Energ\u00e9tica Axiatonal? Sanaci\u00f3n a todos los niveles: f\u00edsico, emocional, mental, electromagn\u00e9tico y lum\u00ednico.","breadcrumb":{"@id":"https:\/\/elenagarciaperez.com\/es\/sanacion-energetica-axiotonal\/#breadcrumb"},"inLanguage":"es","potentialAction":[{"@type":"ReadAction","target":["https:\/\/elenagarciaperez.com\/es\/sanacion-energetica-axiotonal\/"]}]},{"@type":"BreadcrumbList","@id":"https:\/\/elenagarciaperez.com\/es\/sanacion-energetica-axiotonal\/#breadcrumb","itemListElement":[{"@type":"ListItem","position":1,"name":"Portada","item":"https:\/\/elenagarciaperez.com\/es\/"},{"@type":"ListItem","position":2,"name":"Sanaci\u00f3n Energ\u00e9tica Axiotonal"}]},{"@type":"WebSite","@id":"https:\/\/elenagarciaperez.com\/es\/#website","url":"https:\/\/elenagarciaperez.com\/es\/","name":"Elena Garcia Perez","description":"","publisher":{"@id":"https:\/\/elenagarciaperez.com\/es\/#organization"},"potentialAction":[{"@type":"SearchAction","target":{"@type":"EntryPoint","urlTemplate":"https:\/\/elenagarciaperez.com\/es\/?s={search_term_string}"},"query-input":"required name=search_term_string"}],"inLanguage":"es"},{"@type":"Organization","@id":"https:\/\/elenagarciaperez.com\/es\/#organization","name":"Elena Garcia Perez","url":"https:\/\/elenagarciaperez.com\/es\/","logo":{"@type":"ImageObject","inLanguage":"es","@id":"https:\/\/elenagarciaperez.com\/es\/#\/schema\/logo\/image\/","url":"https:\/\/elenagarciaperez.com\/es\/wp-content\/uploads\/2023\/07\/PipiletPeq.png","contentUrl":"https:\/\/elenagarciaperez.com\/es\/wp-content\/uploads\/2023\/07\/PipiletPeq.png","width":150,"height":169,"caption":"Elena Garcia Perez"},"image":{"@id":"https:\/\/elenagarciaperez.com\/es\/#\/schema\/logo\/image\/"}}]}},"_links":{"self":[{"href":"https:\/\/elenagarciaperez.com\/es\/wp-json\/wp\/v2\/pages\/23","targetHints":{"allow":["GET"]}}],"collection":[{"href":"https:\/\/elenagarciaperez.com\/es\/wp-json\/wp\/v2\/pages"}],"about":[{"href":"https:\/\/elenagarciaperez.com\/es\/wp-json\/wp\/v2\/types\/page"}],"author":[{"embeddable":true,"href":"https:\/\/elenagarciaperez.com\/es\/wp-json\/wp\/v2\/users\/1"}],"replies":[{"embeddable":true,"href":"https:\/\/elenagarciaperez.com\/es\/wp-json\/wp\/v2\/comments?post=23"}],"version-history":[{"count":109,"href":"https:\/\/elenagarciaperez.com\/es\/wp-json\/wp\/v2\/pages\/23\/revisions"}],"predecessor-version":[{"id":1448,"href":"https:\/\/elenagarciaperez.com\/es\/wp-json\/wp\/v2\/pages\/23\/revisions\/1448"}],"wp:attachment":[{"href":"https:\/\/elenagarciaperez.com\/es\/wp-json\/wp\/v2\/media?parent=23"}],"curies":[{"name":"wp","href":"https:\/\/api.w.org\/{rel}","templated":true}]}}